{"id":29718,"date":"2025-03-17T16:41:15","date_gmt":"2025-03-17T15:41:15","guid":{"rendered":"http:\/\/www.rcn-radio.org\/?page_id=29718"},"modified":"2025-03-17T16:41:15","modified_gmt":"2025-03-17T15:41:15","slug":"ateliers-deducation-aux-medias-et-a-linformation","status":"publish","type":"page","link":"http:\/\/www.rcn-radio.org\/index.php\/ateliers-deducation-aux-medias-et-a-linformation\/","title":{"rendered":"Ateliers d&rsquo;\u00e9ducation aux m\u00e9dias et \u00e0 l\u2019information"},"content":{"rendered":"\n<p>Radio associative du Grand Nancy, RCN sensibilise les jeunes aux m\u00e9dias et aux r\u00e9seaux sociaux pour \u00e9veiller l\u2019esprit critique, donner la parole, reconna\u00eetre les fake news et travailler l&rsquo;autonomie via des ateliers rendant le jeune acteur de sa prise de parole.<\/p>\n\n\n\n<ul>\n<li><strong><mark style=\"background-color:rgba(0, 0, 0, 0);color:#fafafa\" class=\"has-inline-color\">Interventions en classe<\/mark><\/strong><mark style=\"background-color:rgba(0, 0, 0, 0);color:#fafafa\" class=\"has-inline-color\">\u00a0<\/mark>(1 \u00e0 2h) : micro-trottoir, journalisme, \u00e9loquence, r\u00e9daction.<\/li>\n\n\n\n<li><strong><mark style=\"background-color:rgba(0, 0, 0, 0);color:#fafafa\" class=\"has-inline-color\">Animation d\u2019une journ\u00e9e ou demi-journ\u00e9e radio en structure<\/mark><\/strong> : de la r\u00e9daction \u00e0 la diffusion sur nos ondes.<\/li>\n\n\n\n<li>Organisation d\u2019une <strong><mark style=\"background-color:rgba(0, 0, 0, 0);color:#fafafa\" class=\"has-inline-color\">demi-journ\u00e9e de visite avec initiation aux m\u00e9tiers<\/mark><\/strong> et enregistrement d\u2019une \u00e9mission.<\/li>\n\n\n\n<li>Accompagnement \u00e0 la <strong><mark style=\"background-color:rgba(0, 0, 0, 0);color:#fafafa\" class=\"has-inline-color\">cr\u00e9ation d&rsquo;un atelier radio<\/mark><\/strong> avec interventions aupr\u00e8s des groupes d&rsquo;\u00e9l\u00e8ves et formation des formateurs aux outils radio<\/li>\n\n\n\n<li>Aide au d\u00e9veloppement et \u00e0 la <strong><mark style=\"background-color:rgba(0, 0, 0, 0);color:#fafafa\" class=\"has-inline-color\">relance d\u2019une web radio<\/mark><\/strong> d\u00e9j\u00e0 existante.<\/li>\n<\/ul>\n\n\n\n<p><\/p>\n\n\n\n<h5><strong><mark style=\"background-color:rgba(0, 0, 0, 0);color:#fafafa\" class=\"has-inline-color\">*RCN est une structure culturelle pr\u00e9sente sur Adage qui permet le financement des projets radio via la Pass culture<\/mark><\/strong><\/h5>\n\n\n\n<p>Les projets d&rsquo;\u00e9ducation aux m\u00e9dias pourront \u00eatre diffus\u00e9s dans l&rsquo;\u00e9mission \u00ab\u00a0<a href=\"http:\/\/www.rcn-radio.org\/index.php\/album\/place-aux-jeunes\/\">Place aux jeunes<\/a>\u00a0\u00bb le mercredi \u00e0 16h<\/p>\n\n\n\n<p><strong><mark style=\"background-color:rgba(0, 0, 0, 0);color:#fafafa\" class=\"has-inline-color\">Tarifs et infos sur demande :<\/mark><\/strong><\/p>\n\n\n\n<div class=\"is-layout-constrained wp-block-group\"><div class=\"wp-block-group__inner-container\">\n<div class=\"is-vertical is-layout-flex wp-container-1 wp-block-group\">\n<p>Julien Verri\u00e8s<\/p>\n\n\n\n<p>07 86 34 37 80<\/p>\n\n\n\n<p>julien-verries@rcn-radio.org  <\/p>\n\n\n\n<figure class=\"wp-block-image size-large\"><img decoding=\"async\" loading=\"lazy\" width=\"1024\" height=\"559\" src=\"http:\/\/www.rcn-radio.org\/wp-content\/uploads\/2025\/03\/Plaquette-education-aux-medias-et-a-linformation-1024x559.png\" alt=\"\" class=\"wp-image-30174\" srcset=\"http:\/\/www.rcn-radio.org\/wp-content\/uploads\/2025\/03\/Plaquette-education-aux-medias-et-a-linformation-1024x559.png 1024w, http:\/\/www.rcn-radio.org\/wp-content\/uploads\/2025\/03\/Plaquette-education-aux-medias-et-a-linformation-300x164.png 300w, http:\/\/www.rcn-radio.org\/wp-content\/uploads\/2025\/03\/Plaquette-education-aux-medias-et-a-linformation-768x419.png 768w, http:\/\/www.rcn-radio.org\/wp-content\/uploads\/2025\/03\/Plaquette-education-aux-medias-et-a-linformation-1536x838.png 1536w, http:\/\/www.rcn-radio.org\/wp-content\/uploads\/2025\/03\/Plaquette-education-aux-medias-et-a-linformation.png 1980w\" sizes=\"(max-width: 1024px) 100vw, 1024px\" \/><\/figure>\n<\/div>\n<\/div><\/div>\n","protected":false},"excerpt":{"rendered":"<p>Radio associative du Grand Nancy, RCN sensibilise les jeunes aux m\u00e9dias et aux r\u00e9seaux sociaux pour \u00e9veiller l\u2019esprit critique, donner la parole, reconna\u00eetre les fake news et travailler l&rsquo;autonomie via des ateliers rendant le jeune acteur de sa prise de parole. *RCN est une structure culturelle pr\u00e9sente sur Adage qui permet le financement des projets [&hellip;]<\/p>\n","protected":false},"author":22,"featured_media":0,"parent":0,"menu_order":0,"comment_status":"closed","ping_status":"closed","template":"","meta":[],"_links":{"self":[{"href":"http:\/\/www.rcn-radio.org\/index.php\/wp-json\/wp\/v2\/pages\/29718"}],"collection":[{"href":"http:\/\/www.rcn-radio.org\/index.php\/wp-json\/wp\/v2\/pages"}],"about":[{"href":"http:\/\/www.rcn-radio.org\/index.php\/wp-json\/wp\/v2\/types\/page"}],"author":[{"embeddable":true,"href":"http:\/\/www.rcn-radio.org\/index.php\/wp-json\/wp\/v2\/users\/22"}],"replies":[{"embeddable":true,"href":"http:\/\/www.rcn-radio.org\/index.php\/wp-json\/wp\/v2\/comments?post=29718"}],"version-history":[{"count":14,"href":"http:\/\/www.rcn-radio.org\/index.php\/wp-json\/wp\/v2\/pages\/29718\/revisions"}],"predecessor-version":[{"id":30176,"href":"http:\/\/www.rcn-radio.org\/index.php\/wp-json\/wp\/v2\/pages\/29718\/revisions\/30176"}],"wp:attachment":[{"href":"http:\/\/www.rcn-radio.org\/index.php\/wp-json\/wp\/v2\/media?parent=29718"}],"curies":[{"name":"wp","href":"https:\/\/api.w.org\/{rel}","templated":true}]}}