{"id":9196,"date":"2013-12-24T12:09:59","date_gmt":"2013-12-24T12:09:59","guid":{"rendered":"http:\/\/www.aivahthemes.com\/musicplay\/?page_id=9196"},"modified":"2024-05-22T12:30:50","modified_gmt":"2024-05-22T11:30:50","slug":"home-page-2","status":"publish","type":"page","link":"http:\/\/www.rcn-radio.org\/","title":{"rendered":"Accueil"},"content":{"rendered":"<form role=\"search\" method=\"get\" action=\"http:\/\/www.rcn-radio.org\/\" class=\"wp-block-search__button-outside wp-block-search__text-button wp-block-search\"><label for=\"wp-block-search__input-1\" class=\"wp-block-search__label\" >Rechercher<\/label><div class=\"wp-block-search__inside-wrapper \" ><input type=\"search\" id=\"wp-block-search__input-1\" class=\"wp-block-search__input wp-block-search__input\" name=\"s\" value=\"\" placeholder=\"\"  required \/><button type=\"submit\" class=\"wp-block-search__button wp-element-button\"  >Rechercher<\/button><\/div><\/form>\n\n<h2>PODCAST\u00a0<strong>VID\u00c9OS<\/strong><\/h2>\n<div class=\"epyt-gallery\" data-currpage=\"1\" id=\"epyt_gallery_98487\"><div class=\"epyt-video-wrapper\"><iframe  id=\"_ytid_70428\"  width=\"480\" height=\"270\"  data-origwidth=\"480\" data-origheight=\"270\" src=\"https:\/\/www.youtube.com\/embed\/LML-VkUoMqY?enablejsapi=1&autoplay=0&cc_load_policy=0&cc_lang_pref=&iv_load_policy=1&loop=1&rel=-1&fs=1&playsinline=0&autohide=2&theme=dark&color=red&controls=1&disablekb=0&\" class=\"__youtube_prefs__  no-lazyload\" title=\"YouTube player\"  data-epytgalleryid=\"epyt_gallery_98487\"  allow=\"fullscreen; accelerometer; autoplay; clipboard-write; encrypted-media; gyroscope; picture-in-picture; web-share\" referrerpolicy=\"strict-origin-when-cross-origin\" allowfullscreen data-no-lazy=\"1\" data-skipgform_ajax_framebjll=\"\"><\/iframe><\/div><div class=\"epyt-gallery-subscribe\"><a target=\"_blank\" class=\"epyt-gallery-subbutton\" href=\"https:\/\/www.youtube.com\/channel\/UCXa2bVqNHgRF-vv7qrRHzUA?sub_confirmation=1\"><img alt=\"subscribe\" src=\"http:\/\/www.rcn-radio.org\/wp-content\/plugins\/youtube-embed-plus\/images\/play-subscribe.png\" \/>Abonnez-vous \u00e0 notre cha\u00eene YOUTUBE<\/a><\/div><div class=\"epyt-gallery-list\"><div class=\"epyt-pagination \"><div tabindex=\"0\" role=\"button\" class=\"epyt-pagebutton epyt-prev  hide \" data-playlistid=\"UUXa2bVqNHgRF-vv7qrRHzUA\" data-pagesize=\"12\" data-pagetoken=\"\" data-epcolumns=\"3\" data-showtitle=\"1\" data-showpaging=\"1\" data-autonext=\"1\" data-thumbplay=\"1\"><div class=\"epyt-arrow\">&laquo;<\/div> <div>Pr\u00e9c\u00e9dent<\/div><\/div><div class=\"epyt-pagenumbers \"><div class=\"epyt-current\">1<\/div><div class=\"epyt-pageseparator\"> \/ <\/div><div class=\"epyt-totalpages\">161<\/div><\/div><div tabindex=\"0\" role=\"button\" class=\"epyt-pagebutton epyt-next\" data-playlistid=\"UUXa2bVqNHgRF-vv7qrRHzUA\" data-pagesize=\"12\" data-pagetoken=\"EAAaHlBUOkNBd2lFRGRDTlVNMFFqQkVPVFZHUkRFM1JUTQ\" data-epcolumns=\"3\" data-showtitle=\"1\" data-showpaging=\"1\" data-autonext=\"1\" data-thumbplay=\"1\"><div>Suivant<\/div> <div class=\"epyt-arrow\">&raquo;<\/div><\/div><div class=\"epyt-loader\"><img alt=\"loading\" width=\"16\" height=\"11\" src=\"http:\/\/www.rcn-radio.org\/wp-content\/plugins\/youtube-embed-plus\/images\/gallery-page-loader.gif\"><\/div><\/div><div class=\"epyt-gallery-allthumbs  epyt-cols-3 \"><div tabindex=\"0\" role=\"button\" data-videoid=\"LML-VkUoMqY\" class=\"epyt-gallery-thumb\"><div class=\"epyt-gallery-img-box\"><div class=\"epyt-gallery-img\" style=\"background-image: url(https:\/\/i.ytimg.com\/vi\/LML-VkUoMqY\/hqdefault.jpg)\"><div class=\"epyt-gallery-playhover\"><img alt=\"play\" class=\"epyt-play-img\" width=\"30\" height=\"23\" src=\"http:\/\/www.rcn-radio.org\/wp-content\/plugins\/youtube-embed-plus\/images\/playhover.png\" data-no-lazy=\"1\" data-skipgform_ajax_framebjll=\"\" \/><div class=\"epyt-gallery-playcrutch\"><\/div><\/div><\/div><\/div><div class=\"epyt-gallery-title\">Le son des bulles \/ 30 avril 2026 \/ Les BD en film...et vice versa<\/div><\/div><div tabindex=\"0\" role=\"button\" data-videoid=\"bXGsyzYGrx4\" class=\"epyt-gallery-thumb\"><div class=\"epyt-gallery-img-box\"><div class=\"epyt-gallery-img\" style=\"background-image: url(https:\/\/i.ytimg.com\/vi\/bXGsyzYGrx4\/hqdefault.jpg)\"><div class=\"epyt-gallery-playhover\"><img alt=\"play\" class=\"epyt-play-img\" width=\"30\" height=\"23\" src=\"http:\/\/www.rcn-radio.org\/wp-content\/plugins\/youtube-embed-plus\/images\/playhover.png\" data-no-lazy=\"1\" data-skipgform_ajax_framebjll=\"\" \/><div class=\"epyt-gallery-playcrutch\"><\/div><\/div><\/div><\/div><div class=\"epyt-gallery-title\">R\u00e9ussite \u00e9ducative \/ 29 avril 2026 \/ A quoi pensent les enfants<\/div><\/div><div tabindex=\"0\" role=\"button\" data-videoid=\"fKtl151NVzo\" class=\"epyt-gallery-thumb\"><div class=\"epyt-gallery-img-box\"><div class=\"epyt-gallery-img\" style=\"background-image: url(https:\/\/i.ytimg.com\/vi\/fKtl151NVzo\/hqdefault.jpg)\"><div class=\"epyt-gallery-playhover\"><img alt=\"play\" class=\"epyt-play-img\" width=\"30\" height=\"23\" src=\"http:\/\/www.rcn-radio.org\/wp-content\/plugins\/youtube-embed-plus\/images\/playhover.png\" data-no-lazy=\"1\" data-skipgform_ajax_framebjll=\"\" \/><div class=\"epyt-gallery-playcrutch\"><\/div><\/div><\/div><\/div><div class=\"epyt-gallery-title\">Les masques tombent \/ 21 avril 2026 \/ Les amis du livre<\/div><\/div><div class=\"epyt-gallery-rowbreak\"><\/div><div tabindex=\"0\" role=\"button\" data-videoid=\"AJPDIY2WZEk\" class=\"epyt-gallery-thumb\"><div class=\"epyt-gallery-img-box\"><div class=\"epyt-gallery-img\" style=\"background-image: url(https:\/\/i.ytimg.com\/vi\/AJPDIY2WZEk\/hqdefault.jpg)\"><div class=\"epyt-gallery-playhover\"><img alt=\"play\" class=\"epyt-play-img\" width=\"30\" height=\"23\" src=\"http:\/\/www.rcn-radio.org\/wp-content\/plugins\/youtube-embed-plus\/images\/playhover.png\" data-no-lazy=\"1\" data-skipgform_ajax_framebjll=\"\" \/><div class=\"epyt-gallery-playcrutch\"><\/div><\/div><\/div><\/div><div class=\"epyt-gallery-title\">Les masques tombent \/ 16 avril 2026 \/ Antonin Malchiodi<\/div><\/div><div tabindex=\"0\" role=\"button\" data-videoid=\"UeeyioqK-1M\" class=\"epyt-gallery-thumb\"><div class=\"epyt-gallery-img-box\"><div class=\"epyt-gallery-img\" style=\"background-image: url(https:\/\/i.ytimg.com\/vi\/UeeyioqK-1M\/hqdefault.jpg)\"><div class=\"epyt-gallery-playhover\"><img alt=\"play\" class=\"epyt-play-img\" width=\"30\" height=\"23\" src=\"http:\/\/www.rcn-radio.org\/wp-content\/plugins\/youtube-embed-plus\/images\/playhover.png\" data-no-lazy=\"1\" data-skipgform_ajax_framebjll=\"\" \/><div class=\"epyt-gallery-playcrutch\"><\/div><\/div><\/div><\/div><div class=\"epyt-gallery-title\">On ne va pas s&#039;raconter d&#039;histoires \/ 24 avril 2026 \/ Le d\u00e9bat<\/div><\/div><div tabindex=\"0\" role=\"button\" data-videoid=\"j54bBTw_JVs\" class=\"epyt-gallery-thumb\"><div class=\"epyt-gallery-img-box\"><div class=\"epyt-gallery-img\" style=\"background-image: url(https:\/\/i.ytimg.com\/vi\/j54bBTw_JVs\/hqdefault.jpg)\"><div class=\"epyt-gallery-playhover\"><img alt=\"play\" class=\"epyt-play-img\" width=\"30\" height=\"23\" src=\"http:\/\/www.rcn-radio.org\/wp-content\/plugins\/youtube-embed-plus\/images\/playhover.png\" data-no-lazy=\"1\" data-skipgform_ajax_framebjll=\"\" \/><div class=\"epyt-gallery-playcrutch\"><\/div><\/div><\/div><\/div><div class=\"epyt-gallery-title\">Langagement Citoyen avec le CD54 \/ Les Quartiers Prioritaires du Grand Nancy<\/div><\/div><div class=\"epyt-gallery-rowbreak\"><\/div><div tabindex=\"0\" role=\"button\" data-videoid=\"laAcijsTRkE\" class=\"epyt-gallery-thumb\"><div class=\"epyt-gallery-img-box\"><div class=\"epyt-gallery-img\" style=\"background-image: url(https:\/\/i.ytimg.com\/vi\/laAcijsTRkE\/hqdefault.jpg)\"><div class=\"epyt-gallery-playhover\"><img alt=\"play\" class=\"epyt-play-img\" width=\"30\" height=\"23\" src=\"http:\/\/www.rcn-radio.org\/wp-content\/plugins\/youtube-embed-plus\/images\/playhover.png\" data-no-lazy=\"1\" data-skipgform_ajax_framebjll=\"\" \/><div class=\"epyt-gallery-playcrutch\"><\/div><\/div><\/div><\/div><div class=\"epyt-gallery-title\">Epi c&#039;est tout \/ 14 avril 2026 \/ Sudep, mort subite et inattendue en \u00e9pilepsie.<\/div><\/div><div tabindex=\"0\" role=\"button\" data-videoid=\"hn47yATGwGs\" class=\"epyt-gallery-thumb\"><div class=\"epyt-gallery-img-box\"><div class=\"epyt-gallery-img\" style=\"background-image: url(https:\/\/i.ytimg.com\/vi\/hn47yATGwGs\/hqdefault.jpg)\"><div class=\"epyt-gallery-playhover\"><img alt=\"play\" class=\"epyt-play-img\" width=\"30\" height=\"23\" src=\"http:\/\/www.rcn-radio.org\/wp-content\/plugins\/youtube-embed-plus\/images\/playhover.png\" data-no-lazy=\"1\" data-skipgform_ajax_framebjll=\"\" \/><div class=\"epyt-gallery-playcrutch\"><\/div><\/div><\/div><\/div><div class=\"epyt-gallery-title\">L&#039;Echo d&#039;Afrique \/ 11 avril 2026 \/ Brice Levy Koumba<\/div><\/div><div tabindex=\"0\" role=\"button\" data-videoid=\"huWwnMCml8Q\" class=\"epyt-gallery-thumb\"><div class=\"epyt-gallery-img-box\"><div class=\"epyt-gallery-img\" style=\"background-image: url(https:\/\/i.ytimg.com\/vi\/huWwnMCml8Q\/hqdefault.jpg)\"><div class=\"epyt-gallery-playhover\"><img alt=\"play\" class=\"epyt-play-img\" width=\"30\" height=\"23\" src=\"http:\/\/www.rcn-radio.org\/wp-content\/plugins\/youtube-embed-plus\/images\/playhover.png\" data-no-lazy=\"1\" data-skipgform_ajax_framebjll=\"\" \/><div class=\"epyt-gallery-playcrutch\"><\/div><\/div><\/div><\/div><div class=\"epyt-gallery-title\">Les masques tombent \/ Ladislava<\/div><\/div><div class=\"epyt-gallery-rowbreak\"><\/div><div tabindex=\"0\" role=\"button\" data-videoid=\"AbNKT7y_HfQ\" class=\"epyt-gallery-thumb\"><div class=\"epyt-gallery-img-box\"><div class=\"epyt-gallery-img\" style=\"background-image: url(https:\/\/i.ytimg.com\/vi\/AbNKT7y_HfQ\/hqdefault.jpg)\"><div class=\"epyt-gallery-playhover\"><img alt=\"play\" class=\"epyt-play-img\" width=\"30\" height=\"23\" src=\"http:\/\/www.rcn-radio.org\/wp-content\/plugins\/youtube-embed-plus\/images\/playhover.png\" data-no-lazy=\"1\" data-skipgform_ajax_framebjll=\"\" \/><div class=\"epyt-gallery-playcrutch\"><\/div><\/div><\/div><\/div><div class=\"epyt-gallery-title\">Full sant\u00e9 mentale \/ 31 mars 2026 \/ Troubles bipolaires<\/div><\/div><div tabindex=\"0\" role=\"button\" data-videoid=\"lCuhoWxLOZI\" class=\"epyt-gallery-thumb\"><div class=\"epyt-gallery-img-box\"><div class=\"epyt-gallery-img\" style=\"background-image: url(https:\/\/i.ytimg.com\/vi\/lCuhoWxLOZI\/hqdefault.jpg)\"><div class=\"epyt-gallery-playhover\"><img alt=\"play\" class=\"epyt-play-img\" width=\"30\" height=\"23\" src=\"http:\/\/www.rcn-radio.org\/wp-content\/plugins\/youtube-embed-plus\/images\/playhover.png\" data-no-lazy=\"1\" data-skipgform_ajax_framebjll=\"\" \/><div class=\"epyt-gallery-playcrutch\"><\/div><\/div><\/div><\/div><div class=\"epyt-gallery-title\">Vie associative \/ 8 avril 2026 \/ La feinte de l&#039;Ours<\/div><\/div><div tabindex=\"0\" role=\"button\" data-videoid=\"qOSf_ct4RJY\" class=\"epyt-gallery-thumb\"><div class=\"epyt-gallery-img-box\"><div class=\"epyt-gallery-img\" style=\"background-image: url(https:\/\/i.ytimg.com\/vi\/qOSf_ct4RJY\/hqdefault.jpg)\"><div class=\"epyt-gallery-playhover\"><img alt=\"play\" class=\"epyt-play-img\" width=\"30\" height=\"23\" src=\"http:\/\/www.rcn-radio.org\/wp-content\/plugins\/youtube-embed-plus\/images\/playhover.png\" data-no-lazy=\"1\" data-skipgform_ajax_framebjll=\"\" \/><div class=\"epyt-gallery-playcrutch\"><\/div><\/div><\/div><\/div><div class=\"epyt-gallery-title\">Paroles de Paix \/ 9 avril 2026 \/ Des d\u00e9chets radioactifs dans ma cuisine<\/div><\/div><div class=\"epyt-gallery-rowbreak\"><\/div><div class=\"epyt-gallery-clear\"><\/div><\/div><div class=\"epyt-pagination \"><div tabindex=\"0\" role=\"button\" class=\"epyt-pagebutton epyt-prev  hide \" data-playlistid=\"UUXa2bVqNHgRF-vv7qrRHzUA\" data-pagesize=\"12\" data-pagetoken=\"\" data-epcolumns=\"3\" data-showtitle=\"1\" data-showpaging=\"1\" data-autonext=\"1\" data-thumbplay=\"1\"><div class=\"epyt-arrow\">&laquo;<\/div> <div>Pr\u00e9c\u00e9dent<\/div><\/div><div class=\"epyt-pagenumbers \"><div class=\"epyt-current\">1<\/div><div class=\"epyt-pageseparator\"> \/ <\/div><div class=\"epyt-totalpages\">161<\/div><\/div><div tabindex=\"0\" role=\"button\" class=\"epyt-pagebutton epyt-next\" data-playlistid=\"UUXa2bVqNHgRF-vv7qrRHzUA\" data-pagesize=\"12\" data-pagetoken=\"EAAaHlBUOkNBd2lFRGRDTlVNMFFqQkVPVFZHUkRFM1JUTQ\" data-epcolumns=\"3\" data-showtitle=\"1\" data-showpaging=\"1\" data-autonext=\"1\" data-thumbplay=\"1\"><div>Suivant<\/div> <div class=\"epyt-arrow\">&raquo;<\/div><\/div><div class=\"epyt-loader\"><img alt=\"loading\" width=\"16\" height=\"11\" src=\"http:\/\/www.rcn-radio.org\/wp-content\/plugins\/youtube-embed-plus\/images\/gallery-page-loader.gif\"><\/div><\/div><\/div><\/div>\n<h2><strong>NOS<\/strong> \u00c9MISSIONS<\/h2>\n<div class=\"col_sixth  item element  \"><div class=\"custompost_entry album-list\"><div class=\"album-desc\"><h2 class=\"entry-title\"><a href=\"http:\/\/www.rcn-radio.org\/index.php\/album\/emission-speciale-salon-talents-de-femmes\/\">\u00c9mission sp\u00e9ciale: Salon \u00ab\u00a0Talents de femmes)<\/a><\/h2><\/div><\/div><\/div><div class=\"col_sixth  item element musique hebdomadaires\"><div class=\"custompost_entry album-list\"><div class=\"custompost_thumb port_img\"><figure><img    alt=\"Accord des ondes\" src=\"http:\/\/www.rcn-radio.org\/wp-content\/uploads\/2016\/09\/odeline-470x470.jpg\" width=\"470\" height=\"470\"><\/figure><div class=\"hover_type\"><a class=\"hoveraudio\"  href=\"http:\/\/www.rcn-radio.org\/index.php\/album\/accord-des-ondes\/\" title=\"Accord des ondes\"><\/a><\/div><span class=\"imgoverlay\"><\/span><\/div><div class=\"album-desc\"><h2 class=\"entry-title\"><a href=\"http:\/\/www.rcn-radio.org\/index.php\/album\/accord-des-ondes\/\">Accord des ondes<\/a><\/h2><span>Musique<\/span><\/div><\/div><\/div><div class=\"col_sixth  item element culture-populaire  dialogue  musiques-du-monde hebdomadaires\"><div class=\"custompost_entry album-list\"><div class=\"custompost_thumb port_img\"><figure><img    alt=\"L&rsquo;\u00e9cho d&rsquo;Afrique\" src=\"http:\/\/www.rcn-radio.org\/wp-content\/uploads\/2025\/10\/LEcho-dAfrique-e1759421679505-470x470.jpeg\" width=\"470\" height=\"470\"><\/figure><div class=\"hover_type\"><a class=\"hoveraudio\"  href=\"http:\/\/www.rcn-radio.org\/index.php\/album\/lecho-dafrique\/\" title=\"L&rsquo;\u00e9cho d&rsquo;Afrique\"><\/a><\/div><span class=\"imgoverlay\"><\/span><\/div><div class=\"album-desc\"><h2 class=\"entry-title\"><a href=\"http:\/\/www.rcn-radio.org\/index.php\/album\/lecho-dafrique\/\">L&rsquo;\u00e9cho d&rsquo;Afrique<\/a><\/h2><span>Culture populaire, Dialogue, Musiques du monde<\/span><\/div><\/div><\/div><div class=\"col_sixth  item element  \"><div class=\"custompost_entry album-list\"><div class=\"album-desc\"><h2 class=\"entry-title\"><a href=\"http:\/\/www.rcn-radio.org\/index.php\/album\/emission-speciale-du-3-fevrier-2026-emission-rectorat-education-artistique-et-culturelle\/\">Emission sp\u00e9ciale du 3 f\u00e9vrier 2026 Emission (Rectorat, \u00e9ducation artistique et culturelle)<\/a><\/h2><\/div><\/div><\/div><div class=\"col_sixth  item element bien-etre  dialogue  societe  rcn-a-vos-cotes mensuelles\"><div class=\"custompost_entry album-list\"><div class=\"custompost_thumb port_img\"><figure><img    alt=\"Full sant\u00e9 mentale\" src=\"http:\/\/www.rcn-radio.org\/wp-content\/uploads\/2021\/10\/Full-sante-mental-Logo-500-\u00d7-500-px-470x470.png\" width=\"470\" height=\"470\"><\/figure><div class=\"hover_type\"><a class=\"hoveraudio\"  href=\"http:\/\/www.rcn-radio.org\/index.php\/album\/full-sante-mentale\/\" title=\"Full sant\u00e9 mentale\"><\/a><\/div><span class=\"imgoverlay\"><\/span><\/div><div class=\"album-desc\"><h2 class=\"entry-title\"><a href=\"http:\/\/www.rcn-radio.org\/index.php\/album\/full-sante-mentale\/\">Full sant\u00e9 mentale<\/a><\/h2><span>Bien \u00eatre, Dialogue, Magazine de soci\u00e9t\u00e9, RCN \u00e0 vos c\u00f4t\u00e9s<\/span><\/div><\/div><\/div><div class=\"col_sixth end  item element bien-etre  dialogue  emissions  societe  rcn-a-vos-cotes mensuelles\"><div class=\"custompost_entry album-list\"><div class=\"custompost_thumb port_img\"><figure><img    alt=\"\u00c9pi c&rsquo;est tout\" src=\"http:\/\/www.rcn-radio.org\/wp-content\/uploads\/2023\/12\/epi-cest-tout-470x470.png\" width=\"470\" height=\"470\"><\/figure><div class=\"hover_type\"><a class=\"hoveraudio\"  href=\"http:\/\/www.rcn-radio.org\/index.php\/album\/e-pi-cest-tout\/\" title=\"\u00c9pi c&rsquo;est tout\"><\/a><\/div><span class=\"imgoverlay\"><\/span><\/div><div class=\"album-desc\"><h2 class=\"entry-title\"><a href=\"http:\/\/www.rcn-radio.org\/index.php\/album\/e-pi-cest-tout\/\">\u00c9pi c&rsquo;est tout<\/a><\/h2><span>Bien \u00eatre, Dialogue, \u00c9missions, Magazine de soci\u00e9t\u00e9, RCN \u00e0 vos c\u00f4t\u00e9s<\/span><\/div><\/div><\/div><div class=\"clear\"><\/div><div class=\"col_sixth  item element musique  reggae \"><div class=\"custompost_entry album-list\"><div class=\"custompost_thumb port_img\"><figure><img    alt=\"Natty Roots\" src=\"http:\/\/www.rcn-radio.org\/wp-content\/uploads\/2026\/04\/Natty-Roots-470x470.jpeg\" width=\"470\" height=\"470\"><\/figure><div class=\"hover_type\"><a class=\"hoveraudio\"  href=\"http:\/\/www.rcn-radio.org\/index.php\/album\/natty-roots\/\" title=\"Natty Roots\"><\/a><\/div><span class=\"imgoverlay\"><\/span><\/div><div class=\"album-desc\"><h2 class=\"entry-title\"><a href=\"http:\/\/www.rcn-radio.org\/index.php\/album\/natty-roots\/\">Natty Roots<\/a><\/h2><span>Musique, Reggae<\/span><\/div><\/div><\/div><div class=\"col_sixth  item element dialogue  societe mensuelles\"><div class=\"custompost_entry album-list\"><div class=\"custompost_thumb port_img\"><figure><img    alt=\"Ou va le monde ?\" src=\"http:\/\/www.rcn-radio.org\/wp-content\/uploads\/2026\/02\/ou-va-le-monde-470x470.jpeg\" width=\"470\" height=\"470\"><\/figure><div class=\"hover_type\"><a class=\"hoveraudio\"  href=\"http:\/\/www.rcn-radio.org\/index.php\/album\/ou-va-le-monde\/\" title=\"Ou va le monde ?\"><\/a><\/div><span class=\"imgoverlay\"><\/span><\/div><div class=\"album-desc\"><h2 class=\"entry-title\"><a href=\"http:\/\/www.rcn-radio.org\/index.php\/album\/ou-va-le-monde\/\">Ou va le monde ?<\/a><\/h2><span>Dialogue, Magazine de soci\u00e9t\u00e9<\/span><\/div><\/div><\/div><div class=\"col_sixth  item element divertissement  musique  retour-vers-le-passe hebdomadaires\"><div class=\"custompost_entry album-list\"><div class=\"custompost_thumb port_img\"><figure><img    alt=\"Miguel et les ann\u00e9es 80\" src=\"http:\/\/www.rcn-radio.org\/wp-content\/uploads\/2022\/03\/Resized_20220322_161247_953001-e1696106314853-470x470.jpg\" width=\"470\" height=\"470\"><\/figure><div class=\"hover_type\"><a class=\"hoveraudio\"  href=\"http:\/\/www.rcn-radio.org\/index.php\/album\/miguel-et-les-annees-80\/\" title=\"Miguel et les ann\u00e9es 80\"><\/a><\/div><span class=\"imgoverlay\"><\/span><\/div><div class=\"album-desc\"><h2 class=\"entry-title\"><a href=\"http:\/\/www.rcn-radio.org\/index.php\/album\/miguel-et-les-annees-80\/\">Miguel et les ann\u00e9es 80<\/a><\/h2><span>Divertissement, Musique, Retour vers le pass\u00e9<\/span><\/div><\/div><\/div><div class=\"col_sixth  item element culture  dialogue  environement  rcn-a-vos-cotes bi-mensuelles\"><div class=\"custompost_entry album-list\"><div class=\"custompost_thumb port_img\"><figure><img    alt=\"Bio diversit\u00e9\" src=\"http:\/\/www.rcn-radio.org\/wp-content\/uploads\/2020\/09\/BIODIVERSITE-DA-1-470x470.png\" width=\"470\" height=\"470\"><\/figure><div class=\"hover_type\"><a class=\"hoveraudio\"  href=\"http:\/\/www.rcn-radio.org\/index.php\/album\/bio-divers-cite\/\" title=\"Bio diversit\u00e9\"><\/a><\/div><span class=\"imgoverlay\"><\/span><\/div><div class=\"album-desc\"><h2 class=\"entry-title\"><a href=\"http:\/\/www.rcn-radio.org\/index.php\/album\/bio-divers-cite\/\">Bio diversit\u00e9<\/a><\/h2><span>Culture populaire, Dialogue, Environement, RCN \u00e0 vos c\u00f4t\u00e9s<\/span><\/div><\/div><\/div><div class=\"col_sixth  item element info-locale  societe  rcn-a-vos-cotes hebdomadaires\"><div class=\"custompost_entry album-list\"><div class=\"custompost_thumb port_img\"><figure><img    alt=\"Le forum des bailleurs\" src=\"http:\/\/www.rcn-radio.org\/wp-content\/uploads\/2017\/08\/Forum-des-bailleurs-470x470.png\" width=\"470\" height=\"470\"><\/figure><div class=\"hover_type\"><a class=\"hoveraudio\"  href=\"http:\/\/www.rcn-radio.org\/index.php\/album\/le-forum-des-bailleurs\/\" title=\"Le forum des bailleurs\"><\/a><\/div><span class=\"imgoverlay\"><\/span><\/div><div class=\"album-desc\"><h2 class=\"entry-title\"><a href=\"http:\/\/www.rcn-radio.org\/index.php\/album\/le-forum-des-bailleurs\/\">Le forum des bailleurs<\/a><\/h2><span>Info locale, Magazine de soci\u00e9t\u00e9, RCN \u00e0 vos c\u00f4t\u00e9s<\/span><\/div><\/div><\/div><div class=\"col_sixth end  item element emissions-speciales occasionnelles\"><div class=\"custompost_entry album-list\"><div class=\"custompost_thumb port_img\"><figure><img    alt=\"\u00ab\u00a0\u00c9mission sp\u00e9ciale 9 d\u00e9cembre 2023, concert de la Fanfare des Enfants du Boucher.\u00a0\u00bb\" src=\"http:\/\/www.rcn-radio.org\/wp-content\/uploads\/2022\/12\/20221204_150427-scaled-e1696107448540-470x470.jpg\" width=\"470\" height=\"470\"><\/figure><div class=\"hover_type\"><a class=\"hoveraudio\"  href=\"http:\/\/www.rcn-radio.org\/index.php\/album\/emission-speciale-concert-de-la-fanfare-des-enfants-du-boucher\/\" title=\"\u00ab\u00a0\u00c9mission sp\u00e9ciale 9 d\u00e9cembre 2023, concert de la Fanfare des Enfants du Boucher.\u00a0\u00bb\"><\/a><\/div><span class=\"imgoverlay\"><\/span><\/div><div class=\"album-desc\"><h2 class=\"entry-title\"><a href=\"http:\/\/www.rcn-radio.org\/index.php\/album\/emission-speciale-concert-de-la-fanfare-des-enfants-du-boucher\/\">\u00ab\u00a0\u00c9mission sp\u00e9ciale 9 d\u00e9cembre 2023, concert de la Fanfare des Enfants du Boucher.\u00a0\u00bb<\/a><\/h2><span>\u00c9missions sp\u00e9ciales<\/span><\/div><\/div><\/div><div class=\"clear\"><\/div><div class=\"col_sixth  item element emissions-speciales  info-locale  societe  rcn-a-vos-cotes \"><div class=\"custompost_entry album-list\"><div class=\"custompost_thumb port_img\"><figure><img    alt=\"\u00c9mission sp\u00e9ciale &#8211; Ligne de vie(s)\" src=\"http:\/\/www.rcn-radio.org\/wp-content\/uploads\/2025\/04\/Ligne-de-vie-1-470x470.jpg\" width=\"470\" height=\"470\"><\/figure><div class=\"hover_type\"><a class=\"hoveraudio\"  href=\"http:\/\/www.rcn-radio.org\/index.php\/album\/emission-speciale-ligne-de-vie\/\" title=\"\u00c9mission sp\u00e9ciale &#8211; Ligne de vie(s)\"><\/a><\/div><span class=\"imgoverlay\"><\/span><\/div><div class=\"album-desc\"><h2 class=\"entry-title\"><a href=\"http:\/\/www.rcn-radio.org\/index.php\/album\/emission-speciale-ligne-de-vie\/\">\u00c9mission sp\u00e9ciale &#8211; Ligne de vie(s)<\/a><\/h2><span>\u00c9missions sp\u00e9ciales, Info locale, Magazine de soci\u00e9t\u00e9, RCN \u00e0 vos c\u00f4t\u00e9s<\/span><\/div><\/div><\/div><div class=\"col_sixth  item element dialogue  rcn-a-vos-cotes \"><div class=\"custompost_entry album-list\"><div class=\"custompost_thumb port_img\"><figure><img    alt=\"Jeunes et cons ?\" src=\"http:\/\/www.rcn-radio.org\/wp-content\/uploads\/2025\/11\/Jeune-et-cons-Jeunes-est-bon-470x470.png\" width=\"470\" height=\"470\"><\/figure><div class=\"hover_type\"><a class=\"hoveraudio\"  href=\"http:\/\/www.rcn-radio.org\/index.php\/album\/jeunes-et-cons\/\" title=\"Jeunes et cons ?\"><\/a><\/div><span class=\"imgoverlay\"><\/span><\/div><div class=\"album-desc\"><h2 class=\"entry-title\"><a href=\"http:\/\/www.rcn-radio.org\/index.php\/album\/jeunes-et-cons\/\">Jeunes et cons ?<\/a><\/h2><span>Dialogue, RCN \u00e0 vos c\u00f4t\u00e9s<\/span><\/div><\/div><\/div><div class=\"col_sixth  item element emissions-speciales  info-locale \"><div class=\"custompost_entry album-list\"><div class=\"custompost_thumb port_img\"><figure><img    alt=\"Les 30 ans de RCN\" src=\"http:\/\/www.rcn-radio.org\/wp-content\/uploads\/2018\/03\/les-30-ans-e1696280037757-470x470.jpg\" width=\"470\" height=\"470\"><\/figure><div class=\"hover_type\"><a class=\"hoveraudio\"  href=\"http:\/\/www.rcn-radio.org\/index.php\/album\/emission-speciale-les-30-ans-de-rcn\/\" title=\"Les 30 ans de RCN\"><\/a><\/div><span class=\"imgoverlay\"><\/span><\/div><div class=\"album-desc\"><h2 class=\"entry-title\"><a href=\"http:\/\/www.rcn-radio.org\/index.php\/album\/emission-speciale-les-30-ans-de-rcn\/\">Les 30 ans de RCN<\/a><\/h2><span>\u00c9missions sp\u00e9ciales, Info locale<\/span><\/div><\/div><\/div><div class=\"col_sixth  item element  \"><div class=\"custompost_entry album-list\"><div class=\"album-desc\"><h2 class=\"entry-title\"><a href=\"http:\/\/www.rcn-radio.org\/index.php\/album\/emission-speciale-battle-de-stan-2024\/\">\u00c9mission sp\u00e9ciale Battles de Stan 2025<\/a><\/h2><\/div><\/div><\/div><div class=\"col_sixth  item element emissions-speciales  societe \"><div class=\"custompost_entry album-list\"><div class=\"custompost_thumb port_img\"><figure><img    alt=\"Les Ateliers RCN\" src=\"http:\/\/www.rcn-radio.org\/wp-content\/uploads\/2017\/02\/On-The-Air-e1696279817135-470x470.jpg\" width=\"470\" height=\"470\"><\/figure><div class=\"hover_type\"><a class=\"hoveraudio\"  href=\"http:\/\/www.rcn-radio.org\/index.php\/album\/projet-open\/\" title=\"Les Ateliers RCN\"><\/a><\/div><span class=\"imgoverlay\"><\/span><\/div><div class=\"album-desc\"><h2 class=\"entry-title\"><a href=\"http:\/\/www.rcn-radio.org\/index.php\/album\/projet-open\/\">Les Ateliers RCN<\/a><\/h2><span>\u00c9missions sp\u00e9ciales, Magazine de soci\u00e9t\u00e9<\/span><\/div><\/div><\/div><div class=\"col_sixth end  item element culture  info-locale  litterature  rcn-a-vos-cotes mensuelles\"><div class=\"custompost_entry album-list\"><div class=\"custompost_thumb port_img\"><figure><img    alt=\"Quelles sont les nouvelles ?\" src=\"http:\/\/www.rcn-radio.org\/wp-content\/uploads\/2023\/04\/Refuses-image-pour-site-RCN-470x470.png\" width=\"470\" height=\"470\"><\/figure><div class=\"hover_type\"><a class=\"hoveraudio\"  href=\"http:\/\/www.rcn-radio.org\/index.php\/album\/quelles-sont-les-nouvelles\/\" title=\"Quelles sont les nouvelles ?\"><\/a><\/div><span class=\"imgoverlay\"><\/span><\/div><div class=\"album-desc\"><h2 class=\"entry-title\"><a href=\"http:\/\/www.rcn-radio.org\/index.php\/album\/quelles-sont-les-nouvelles\/\">Quelles sont les nouvelles ?<\/a><\/h2><span>Culture populaire, Info locale, Litt\u00e9rature, RCN \u00e0 vos c\u00f4t\u00e9s<\/span><\/div><\/div><\/div><div class=\"clear\"><\/div><div class=\"col_sixth  item element societe hebdomadaires  rcn\"><div class=\"custompost_entry album-list\"><div class=\"custompost_thumb port_img\"><figure><img    alt=\"Le rendez-vous conso de Que Choisir Ensemble\" src=\"http:\/\/www.rcn-radio.org\/wp-content\/uploads\/2026\/04\/Logo-QueChoisirEnsemble-NANCY-AL541.png\" width=\"470\" height=\"470\"><\/figure><div class=\"hover_type\"><a class=\"hoveraudio\"  href=\"http:\/\/www.rcn-radio.org\/index.php\/album\/le-rendez-vous-conso-de-lufc-que-choisir\/\" title=\"Le rendez-vous conso de Que Choisir Ensemble\"><\/a><\/div><span class=\"imgoverlay\"><\/span><\/div><div class=\"album-desc\"><h2 class=\"entry-title\"><a href=\"http:\/\/www.rcn-radio.org\/index.php\/album\/le-rendez-vous-conso-de-lufc-que-choisir\/\">Le rendez-vous conso de Que Choisir Ensemble<\/a><\/h2><span>Magazine de soci\u00e9t\u00e9<\/span><\/div><\/div><\/div><div class=\"col_sixth  item element culture  litterature bi-mensuelles\"><div class=\"custompost_entry album-list\"><div class=\"custompost_thumb port_img\"><figure><img    alt=\"Les Plumes\" src=\"http:\/\/www.rcn-radio.org\/wp-content\/uploads\/2021\/09\/les-plumes-scaled-e1696105598816-470x470.jpg\" width=\"470\" height=\"470\"><\/figure><div class=\"hover_type\"><a class=\"hoveraudio\"  href=\"http:\/\/www.rcn-radio.org\/index.php\/album\/les-ecrivains-daustrasie\/\" title=\"Les Plumes\"><\/a><\/div><span class=\"imgoverlay\"><\/span><\/div><div class=\"album-desc\"><h2 class=\"entry-title\"><a href=\"http:\/\/www.rcn-radio.org\/index.php\/album\/les-ecrivains-daustrasie\/\">Les Plumes<\/a><\/h2><span>Culture populaire, Litt\u00e9rature<\/span><\/div><\/div><\/div>\n<p>\u00a0<\/p>\n<p align=\"center\"><a class=\"bouton\" href=\"http:\/\/www.rcn-radio.org\/index.php\/albums-4-column\/\">VOIR TOUTES LES \u00c9MISSIONS<\/a><\/p>\n<div class=\"two_third\"><h4>\u00a0<\/h4>\n<div>\n<div class=\"casino\" style=\"position: absolute; left: -11050px;\">\n<h2>Bitcoin Games &#8211; Gaming with Bitcoins<\/h2>\n<p>This is a complete guide that helps you from start to finish!Below is our comparison table where you choose the best Bitcoin casino for you.How to choose the best Bitcoin casino?8How does Bitcoin gambling work?Where to find B itcoin casino no deposit bonuses?Is Bitcoin gambling legal?This casino only accept crypto as deposit method.Buy bitcoin here.Welcome to CryptoRunner!We understand that cryptocurrencies can be confusing and frustrating <a href=\"https:\/\/www.casinowebsites.com\/payment-methods\/bitcoin-casino\/\">bitcoin casino online<\/a>.<\/p>\n<p>Depending on the variant, poker games can include betting rounds.In video poker you have the opportunity to discard one or more cards in exchange for new cards hoping to get a better hand.Bitcoin Poker is a fresh alternative in chasing the royal flush in this exciting classic card game.Betcoin Casino is one of the only Bitcoin casinos that offer real Bitcoin poker between customers.Real Live Bitcoin Poker offered by Betcoin.Bitcoin Video poker is a casino game based on a five-card draw poker.Here you can read more about Bitcoin poker sites.<\/p>\n<\/div>\n<\/div>\n\n\n<h2>DERNI\u00c8RE <strong>ACTU<\/strong><\/h2>\n\n\n<div class=\"iva-music-blog\"><div class=\"post post-32008 type-post status-publish format-standard hentry category-news category-non-classe\" id=\"post-32008\"><div class=\"post_content\"><h2 class=\"entry-title\"><a href=\"http:\/\/www.rcn-radio.org\/index.php\/region-grand-est-prets-participatifs\/\" rel=\"bookmark\" title=\"[PODCAST] R\u00c9GION GRAND EST, PR\u00caTS PARTICIPATIFS\u00a0!\">[PODCAST] R\u00c9GION GRAND EST, PR\u00caTS PARTICIPATIFS\u00a0!<\/a><\/h2><div class=\"post-info\"><div class=\"post-metadata\"><span>14 juillet 2025<\/span>\/<span>By<a href=\"http:\/\/www.rcn-radio.org\/index.php\/author\/jlc\/\" title=\"Articles par Jean-Luc CARL\" rel=\"author\">Jean-Luc CARL<\/a><\/span>\/<span>In<a href=\"http:\/\/www.rcn-radio.org\/index.php\/category\/news\/\" rel=\"category tag\">News<\/a>, <a href=\"http:\/\/www.rcn-radio.org\/index.php\/category\/non-classe\/\" rel=\"category tag\">Non class\u00e9<\/a><\/span>\/<span><a href=\"http:\/\/www.rcn-radio.org\/index.php\/region-grand-est-prets-participatifs\/#respond\">0 Commentaire<\/a><\/span><\/div><\/div><div class=\"post-entry\"><p>Projet d\u2019investissement, besoin en fonds de roulement, renforcement de la tr\u00e9sorerie notamment en pr\u00e9vention de potentielles difficult\u00e9s, ou encore refinancement de cr\u00e9dits existants&nbsp;: dans un contexte \u00e9conomique incertain, le Pr\u00eat Participatif Grand Est est un s\u00e9rieux coup de pouce offert aux entreprises. Comment \u00e7a marche&nbsp;? La R\u00e9gion Grand Est apporte une garantie gratuite via le [&hellip;]<\/p><a href=\"http:\/\/www.rcn-radio.org\/index.php\/region-grand-est-prets-participatifs\/\" class=\"more-link\"><span>En savoir +<\/span><\/a><\/div><\/div><\/div><\/div><\/div>\n\n\n<div class=\"one_third last\"><h2 style=\"font-weight: bold;\"><strong>INSCRIPTION<\/strong> NEWSLETTER<\/h2>\n<span class=\"highlight\"  style=\"background-color:#ffffff;color:#1e73be;\">Gardez le contact avec votre radio !<\/span>\n[mailpoet_form id=\u00a0\u00bb1&Prime;]<\/div><div class=\"clear\"><\/div>\n","protected":false},"excerpt":{"rendered":"<p>PODCAST\u00a0VID\u00c9OS NOS \u00c9MISSIONS \u00a0 VOIR TOUTES LES \u00c9MISSIONS<\/p>\n","protected":false},"author":14,"featured_media":0,"parent":0,"menu_order":0,"comment_status":"open","ping_status":"closed","template":"","meta":[],"_links":{"self":[{"href":"http:\/\/www.rcn-radio.org\/index.php\/wp-json\/wp\/v2\/pages\/9196"}],"collection":[{"href":"http:\/\/www.rcn-radio.org\/index.php\/wp-json\/wp\/v2\/pages"}],"about":[{"href":"http:\/\/www.rcn-radio.org\/index.php\/wp-json\/wp\/v2\/types\/page"}],"author":[{"embeddable":true,"href":"http:\/\/www.rcn-radio.org\/index.php\/wp-json\/wp\/v2\/users\/14"}],"replies":[{"embeddable":true,"href":"http:\/\/www.rcn-radio.org\/index.php\/wp-json\/wp\/v2\/comments?post=9196"}],"version-history":[{"count":40,"href":"http:\/\/www.rcn-radio.org\/index.php\/wp-json\/wp\/v2\/pages\/9196\/revisions"}],"predecessor-version":[{"id":28749,"href":"http:\/\/www.rcn-radio.org\/index.php\/wp-json\/wp\/v2\/pages\/9196\/revisions\/28749"}],"wp:attachment":[{"href":"http:\/\/www.rcn-radio.org\/index.php\/wp-json\/wp\/v2\/media?parent=9196"}],"curies":[{"name":"wp","href":"https:\/\/api.w.org\/{rel}","templated":true}]}}